{"id":14,"date":"2022-07-27T13:12:45","date_gmt":"2022-07-27T11:12:45","guid":{"rendered":"https:\/\/zukunft.ideenbude.de\/?page_id=14"},"modified":"2026-08-26T10:16:59","modified_gmt":"2026-08-26T08:16:59","slug":"home","status":"publish","type":"page","link":"https:\/\/www.stiftungfuerzukunftsfragen.de\/en\/","title":{"rendered":"Welcome to"},"content":{"rendered":"<p><div class=\"fusion-fullwidth fullwidth-box fusion-builder-row-1 fusion-flex-container has-pattern-background has-mask-background fusion-parallax-none nonhundred-percent-fullwidth non-hundred-percent-height-scrolling lazyload\" style=\"--awb-background-position:left top;--awb-border-radius-top-left:0px;--awb-border-radius-top-right:0px;--awb-border-radius-bottom-right:0px;--awb-border-radius-bottom-left:0px;--awb-padding-top:100px;--awb-padding-bottom:95px;--awb-background-color:#4b79ff;--awb-background-image:linear-gradient(90deg, rgba(0,79,159,0.8) 0%,rgba(255,255,255,0) 100%);;--awb-background-size:cover;--awb-flex-wrap:wrap;\" data-bg=\"https:\/\/www.stiftungfuerzukunftsfragen.de\/wp-content\/uploads\/benjamin-davies-JrZ1yE1PjQ0-unsplash.jpg\" data-bg-gradient=\"linear-gradient(90deg, rgba(0,79,159,0.8) 0%,rgba(255,255,255,0) 100%)\" ><div class=\"fusion-builder-row fusion-row fusion-flex-align-items-flex-start fusion-flex-justify-content-center fusion-flex-content-wrap\" style=\"max-width:1664px;margin-left: calc(-4% \/ 2 );margin-right: calc(-4% \/ 2 );\"><div class=\"fusion-layout-column fusion_builder_column fusion-builder-column-0 fusion_builder_column_1_1 1_1 fusion-flex-column\" style=\"--awb-bg-size:cover;--awb-width-large:100%;--awb-margin-top-large:0px;--awb-spacing-right-large:1.92%;--awb-margin-bottom-large:30px;--awb-spacing-left-large:1.92%;--awb-width-medium:100%;--awb-order-medium:0;--awb-spacing-right-medium:1.92%;--awb-spacing-left-medium:1.92%;--awb-width-small:100%;--awb-order-small:0;--awb-spacing-right-small:1.92%;--awb-spacing-left-small:1.92%;\"><div class=\"fusion-column-wrapper fusion-column-has-shadow fusion-flex-justify-content-flex-start fusion-content-layout-column\"><div class=\"fusion-title title fusion-title-1 fusion-sep-none fusion-title-text fusion-title-size-one\" style=\"--awb-text-color:var(--awb-custom_color_3);--awb-margin-top-small:10px;--awb-margin-right-small:0px;--awb-margin-bottom-small:10px;--awb-margin-left-small:0px;\"><h1 class=\"fusion-title-heading title-heading-left fusion-responsive-typography-calculated\" style=\"margin:0;--fontSize:40;line-height:var(--awb-typography1-line-height);\">Deutscher Freizeit-Monitor 2026<\/h1><\/div><div class=\"fusion-text fusion-text-1 fusion-no-small-visibility fusion-no-medium-visibility max500\" style=\"--awb-font-size:var(--awb-typography4-font-size);--awb-line-height:var(--awb-typography4-line-height);--awb-letter-spacing:var(--awb-typography4-letter-spacing);--awb-text-transform:var(--awb-typography4-text-transform);--awb-text-color:var(--awb-color1);\"><p>F\u00fcr den j\u00e4hrlich erscheinenden Freizeit-Monitor der Stiftung f\u00fcr Zukunftsfragen wurde ein repr\u00e4sentativer Querschnitt der deutschen Bev\u00f6lkerung von \u00fcber 3.000 Personen ab 18 Jahren online zum eigenen Freizeitverhalten sowie dem Freizeitumfang im Juli 2026 durch die GfK befragt.<\/p>\n<\/div><div class=\"fusion-separator fusion-full-width-sep\" style=\"align-self: center;margin-left: auto;margin-right: auto;margin-bottom:50px;width:100%;\"><\/div><div class=\"fusion-post-cards fusion-post-cards-1 fusion-grid-archive fusion-grid-columns-4\" style=\"--awb-dots-align:center;--awb-filters-color:var(--awb-color8);--awb-active-filter-border-size:3px;--awb-filters-height:36px;\" data-post-type-label=\"posts\"><ul class=\"fusion-grid fusion-grid-4 fusion-flex-align-items-flex-start fusion-grid-posts-cards\"><li class=\"fusion-layout-column fusion_builder_column fusion-builder-column-1 fusion-flex-column fusion-column-inner-bg-wrapper post-card fusion-grid-column fusion-post-cards-grid-column\" style=\"--awb-padding-top:10px;--awb-padding-right:20px;--awb-padding-bottom:20px;--awb-padding-left:20px;--awb-overflow:hidden;--awb-inner-bg-color:var(--awb-color3);--awb-inner-bg-color-hover:var(--awb-color3);--awb-inner-bg-blend:overlay;--awb-inner-bg-size:cover;--awb-border-radius:0px 0px 20px 0px;--awb-inner-bg-border-radius:0px 0px 20px 0px;--awb-inner-bg-overflow:hidden;--awb-filter:brightness(100%);--awb-filter-transition:filter 0.3s ease, -webkit-backdrop-filter 0.3s ease, backdrop-filter 0.3s ease;--awb-filter-hover:brightness(95%);--awb-flex-grow:0;--awb-flex-shrink:0;--awb-flex-grow-medium:;--awb-flex-shrink-medium:;--awb-flex-grow-small:;--awb-flex-shrink-small:;\" id=\"archiv-postcard\"><span class=\"fusion-column-inner-bg hover-type-none\"><a class=\"fusion-column-anchor\" href=\"https:\/\/www.stiftungfuerzukunftsfragen.de\/en\/freizeit-monitor-2026\/\"><span class=\"fusion-column-inner-bg-image\"><\/span><\/a><\/span><div class=\"fusion-column-wrapper fusion-column-has-shadow fusion-flex-justify-content-flex-start fusion-content-layout-column\"><div class=\"fusion-title title fusion-title-2 fusion-sep-none fusion-title-text fusion-title-size-five\" style=\"--awb-text-color:var(--awb-color1);--awb-margin-bottom:-20px;--awb-margin-top-small:10px;--awb-margin-right-small:0px;--awb-margin-bottom-small:10px;--awb-margin-left-small:0px;--awb-link-color:var(--awb-color6);--awb-font-size:16px;\"><h5 class=\"fusion-title-heading title-heading-left fusion-responsive-typography-calculated\" style=\"font-family:&quot;Montserrat&quot;;font-style:normal;font-weight:600;margin:0;font-size:1em;--fontSize:16;line-height:var(--awb-typography1-line-height);\"><a href=\"https:\/\/www.stiftungfuerzukunftsfragen.de\/en\/freizeit-monitor-2026\/\" class=\"awb-custom-text-color awb-custom-text-hover-color\" target=\"_self\">Freizeit-Monitor 2026<\/a><\/h5><\/div><div class=\"fusion-text fusion-text-2 fusion-text-no-margin\" style=\"--awb-font-size:12px;--awb-margin-top:25px;--awb-margin-bottom:-2px;\"><p>Forschung aktuell, 320<\/p>\n<\/div><div class=\"fusion-text fusion-text-3 fusion-text-no-margin\" style=\"--awb-content-alignment:left;--awb-font-size:12px;--awb-text-color:var(--awb-custom_color_2);--awb-margin-bottom:-10px;\"><p>25. August 2026<\/p>\n<\/div><\/div><\/li>\n<li class=\"fusion-layout-column fusion_builder_column fusion-builder-column-2 fusion-flex-column fusion-column-inner-bg-wrapper post-card fusion-grid-column fusion-post-cards-grid-column\" style=\"--awb-padding-top:10px;--awb-padding-right:20px;--awb-padding-bottom:20px;--awb-padding-left:20px;--awb-overflow:hidden;--awb-inner-bg-color:var(--awb-color3);--awb-inner-bg-color-hover:var(--awb-color3);--awb-inner-bg-blend:overlay;--awb-inner-bg-size:cover;--awb-border-radius:0px 0px 20px 0px;--awb-inner-bg-border-radius:0px 0px 20px 0px;--awb-inner-bg-overflow:hidden;--awb-filter:brightness(100%);--awb-filter-transition:filter 0.3s ease, -webkit-backdrop-filter 0.3s ease, backdrop-filter 0.3s ease;--awb-filter-hover:brightness(95%);--awb-flex-grow:0;--awb-flex-shrink:0;--awb-flex-grow-medium:;--awb-flex-shrink-medium:;--awb-flex-grow-small:;--awb-flex-shrink-small:;\" id=\"archiv-postcard\"><span class=\"fusion-column-inner-bg hover-type-none\"><a class=\"fusion-column-anchor\" href=\"https:\/\/www.stiftungfuerzukunftsfragen.de\/en\/einladung-zur-pressekonferenz-freizeit-monitor-2026\/\"><span class=\"fusion-column-inner-bg-image\"><\/span><\/a><\/span><div class=\"fusion-column-wrapper fusion-column-has-shadow fusion-flex-justify-content-flex-start fusion-content-layout-column\"><div class=\"fusion-title title fusion-title-3 fusion-sep-none fusion-title-text fusion-title-size-five\" style=\"--awb-text-color:var(--awb-color1);--awb-margin-bottom:-20px;--awb-margin-top-small:10px;--awb-margin-right-small:0px;--awb-margin-bottom-small:10px;--awb-margin-left-small:0px;--awb-link-color:var(--awb-color6);--awb-font-size:16px;\"><h5 class=\"fusion-title-heading title-heading-left fusion-responsive-typography-calculated\" style=\"font-family:&quot;Montserrat&quot;;font-style:normal;font-weight:600;margin:0;font-size:1em;--fontSize:16;line-height:var(--awb-typography1-line-height);\"><a href=\"https:\/\/www.stiftungfuerzukunftsfragen.de\/en\/einladung-zur-pressekonferenz-freizeit-monitor-2026\/\" class=\"awb-custom-text-color awb-custom-text-hover-color\" target=\"_self\">Einladung zur Pressekonferenz: Freizeit-Monitor 2026<\/a><\/h5><\/div><div class=\"fusion-text fusion-text-4 fusion-text-no-margin\" style=\"--awb-font-size:12px;--awb-margin-top:25px;--awb-margin-bottom:-2px;\"><p>Freizeit-Monitor 2026<\/p>\n<\/div><div class=\"fusion-text fusion-text-5 fusion-text-no-margin\" style=\"--awb-content-alignment:left;--awb-font-size:12px;--awb-text-color:var(--awb-custom_color_2);--awb-margin-bottom:-10px;\"><p>12. August 2026<\/p>\n<\/div><\/div><\/li>\n<\/ul><\/div><div ><a class=\"fusion-button button-flat fusion-button-default-size button-custom fusion-button-default button-1 fusion-button-default-span fusion-button-default-type\" style=\"--awb-margin-bottom:10px;--button_accent_color:var(--awb-color1);--button_accent_hover_color:var(--awb-color6);--button_border_hover_color:var(--awb-color1);--button_gradient_top_color:var(--awb-custom_color_2);--button_gradient_bottom_color:var(--awb-custom_color_2);--button_gradient_top_color_hover:rgba(227,245,77,0.5);--button_gradient_bottom_color_hover:rgba(227,245,77,0.5);\" target=\"_self\" href=\"#podcast\"><i class=\"fa-podcast fas awb-button__icon awb-button__icon--default button-icon-left\" aria-hidden=\"true\"><\/i><span class=\"fusion-button-text awb-button__text awb-button__text--default\">aktuelle Podcastfolge<\/span><\/a><\/div><\/div><\/div><\/div><\/div><div class=\"fusion-fullwidth fullwidth-box fusion-builder-row-2 fusion-flex-container has-pattern-background has-mask-background nonhundred-percent-fullwidth non-hundred-percent-height-scrolling\" style=\"--awb-border-radius-top-left:0px;--awb-border-radius-top-right:0px;--awb-border-radius-bottom-right:0px;--awb-border-radius-bottom-left:0px;--awb-padding-top:50px;--awb-background-color:var(--awb-color1);--awb-flex-wrap:wrap;\" ><div class=\"fusion-builder-row fusion-row fusion-flex-align-items-center fusion-flex-content-wrap\" style=\"max-width:1664px;margin-left: calc(-4% \/ 2 );margin-right: calc(-4% \/ 2 );\"><div class=\"fusion-layout-column fusion_builder_column fusion-builder-column-3 fusion_builder_column_1_2 1_2 fusion-flex-column\" style=\"--awb-bg-size:cover;--awb-width-large:50%;--awb-flex-grow:0;--awb-flex-shrink:0;--awb-margin-top-large:0px;--awb-spacing-right-large:3.84%;--awb-margin-bottom-large:30px;--awb-spacing-left-large:3.84%;--awb-width-medium:50%;--awb-order-medium:0;--awb-flex-grow-medium:;--awb-flex-shrink-medium:;--awb-spacing-right-medium:3.84%;--awb-spacing-left-medium:3.84%;--awb-width-small:100%;--awb-order-small:0;--awb-flex-grow-small:;--awb-flex-shrink-small:;--awb-spacing-right-small:1.92%;--awb-spacing-left-small:1.92%;\"><div class=\"fusion-column-wrapper fusion-column-has-shadow fusion-flex-justify-content-flex-start fusion-content-layout-column\"><div class=\"fusion-post-cards fusion-post-cards-2 fusion-grid-archive fusion-grid-columns-1 fusion-grid-flex-grow\" style=\"--awb-column-spacing:0px;--awb-columns:1;--awb-active-filter-border-size:3px;--awb-filters-height:36px;\" data-post-type-label=\"posts\"><ul class=\"fusion-grid fusion-grid-1 fusion-flex-align-items-flex-start fusion-grid-posts-cards\"><li class=\"fusion-layout-column fusion_builder_column fusion-builder-column-4 fusion-flex-column post-card fusion-grid-column fusion-post-cards-grid-column\" style=\"--awb-padding-top:20px;--awb-padding-right:20px;--awb-padding-bottom:30px;--awb-padding-left:20px;--awb-overflow:hidden;--awb-bg-blend:overlay;--awb-bg-size:cover;--awb-border-radius:0px 0px 20px 0px;--awb-filter:brightness(100%);--awb-filter-transition:filter 0.3s ease, -webkit-backdrop-filter 0.3s ease, backdrop-filter 0.3s ease;--awb-filter-hover:brightness(105%);--awb-flex-grow:0;--awb-flex-shrink:0;--awb-flex-grow-medium:;--awb-flex-shrink-medium:;--awb-flex-grow-small:;--awb-flex-shrink-small:;\" id=\"beitrag-inhalt-column\"><div class=\"fusion-column-wrapper fusion-column-has-shadow fusion-flex-justify-content-flex-start fusion-content-layout-column\"><div class=\"fusion-text fusion-text-6 fusion-text-no-margin\" style=\"--awb-content-alignment:left;--awb-font-size:12px;--awb-text-color:var(--awb-custom_color_2);--awb-margin-top:0px;--awb-margin-bottom:-10px;\"><p>25. August 2026<\/p>\n<\/div><div class=\"fusion-text fusion-text-7 fusion-text-no-margin\" style=\"--awb-font-size:12px;--awb-margin-top:5px;--awb-margin-bottom:10px;\"><p>Forschung aktuell, 320<\/p>\n<\/div><div class=\"fusion-title title fusion-title-4 fusion-sep-none fusion-title-text fusion-title-size-five\" style=\"--awb-text-color:var(--awb-color1);--awb-margin-bottom:10px;--awb-margin-top-small:10px;--awb-margin-right-small:0px;--awb-margin-bottom-small:10px;--awb-margin-left-small:0px;--awb-link-color:var(--awb-color6);--awb-font-size:20px;\"><h5 class=\"fusion-title-heading title-heading-left fusion-responsive-typography-calculated\" style=\"font-family:&quot;Montserrat&quot;;font-style:normal;font-weight:600;margin:0;font-size:1em;--fontSize:20;line-height:var(--awb-typography1-line-height);\"><a href=\"https:\/\/www.stiftungfuerzukunftsfragen.de\/en\/freizeit-monitor-2026\/\" class=\"awb-custom-text-color awb-custom-text-hover-color\" target=\"_self\">Freizeit-Monitor 2026<\/a><\/h5><\/div><div class=\"fusion-image-element\" style=\"--awb-caption-title-font-family:var(--h2_typography-font-family);--awb-caption-title-font-weight:var(--h2_typography-font-weight);--awb-caption-title-font-style:var(--h2_typography-font-style);--awb-caption-title-size:var(--h2_typography-font-size);--awb-caption-title-transform:var(--h2_typography-text-transform);--awb-caption-title-line-height:var(--h2_typography-line-height);--awb-caption-title-letter-spacing:var(--h2_typography-letter-spacing);\"><span class=\" fusion-imageframe imageframe-none imageframe-1 hover-type-none\"><a class=\"fusion-no-lightbox\" href=\"https:\/\/www.stiftungfuerzukunftsfragen.de\/en\/freizeit-monitor-2026\/\" target=\"_self\" aria-label=\"pexels-2dreamersphoto-2604845\"><img decoding=\"async\" width=\"1920\" height=\"1282\" src=\"https:\/\/www.stiftungfuerzukunftsfragen.de\/wp-content\/uploads\/pexels-2dreamersphoto-2604845.jpg\" data-orig-src=\"https:\/\/www.stiftungfuerzukunftsfragen.de\/wp-content\/uploads\/pexels-2dreamersphoto-2604845.jpg\" alt class=\"lazyload img-responsive wp-image-6792\" srcset=\"data:image\/svg+xml,%3Csvg%20xmlns%3D%27http%3A%2F%2Fwww.w3.org%2F2000%2Fsvg%27%20width%3D%271920%27%20height%3D%271282%27%20viewBox%3D%270%200%201920%201282%27%3E%3Crect%20width%3D%271920%27%20height%3D%271282%27%20fill-opacity%3D%220%22%2F%3E%3C%2Fsvg%3E\" data-srcset=\"https:\/\/www.stiftungfuerzukunftsfragen.de\/wp-content\/uploads\/pexels-2dreamersphoto-2604845-200x134.jpg 200w, https:\/\/www.stiftungfuerzukunftsfragen.de\/wp-content\/uploads\/pexels-2dreamersphoto-2604845-400x267.jpg 400w, https:\/\/www.stiftungfuerzukunftsfragen.de\/wp-content\/uploads\/pexels-2dreamersphoto-2604845-600x401.jpg 600w, https:\/\/www.stiftungfuerzukunftsfragen.de\/wp-content\/uploads\/pexels-2dreamersphoto-2604845-800x534.jpg 800w, https:\/\/www.stiftungfuerzukunftsfragen.de\/wp-content\/uploads\/pexels-2dreamersphoto-2604845-1200x801.jpg 1200w, https:\/\/www.stiftungfuerzukunftsfragen.de\/wp-content\/uploads\/pexels-2dreamersphoto-2604845.jpg 1920w\" data-sizes=\"auto\" data-orig-sizes=\"(max-width: 640px) 100vw, 800px\" \/><\/a><\/span><\/div><div class=\"fusion-text fusion-text-8\" style=\"--awb-margin-top:15px;\"><p>Die BAT-Stiftung f\u00fcr Zukunftsfragen stellt am 25. August 2026 im Rahmen einer Online-Pressekonferenz den aktuellen \u201eFreizeit-Monitor 2026\u201c vor. F\u00fcr die seit 1986 regelm\u00e4\u00dfig durchgef\u00fchrte Untersuchung wurden im Juli und August 2026 \u00fcber 3.000 repr\u00e4sentativ ausgew\u00e4hlte Bundesb\u00fcrger ab 18 Jahren zu mehr als 100 unterschiedlichen Freizeitaktivit\u00e4ten befragt sowie zum Sonderthema \u201eWieviel Freizeit haben die Bundesb\u00fcrger an einem Werktag\u201c befragt.<\/p>\n<\/div><div ><a class=\"fusion-button button-flat fusion-button-default-size button-default fusion-button-default button-2 fusion-button-default-span fusion-button-default-type\" target=\"_self\" href=\"https:\/\/www.stiftungfuerzukunftsfragen.de\/en\/freizeit-monitor-2026\/\"><i class=\"fa-angle-right fas awb-button__icon awb-button__icon--default button-icon-left\" aria-hidden=\"true\"><\/i><span class=\"fusion-button-text awb-button__text awb-button__text--default\">mehr lesen<\/span><\/a><\/div><\/div><\/li>\n<\/ul><\/div><\/div><\/div><div class=\"fusion-layout-column fusion_builder_column fusion-builder-column-5 fusion_builder_column_1_2 1_2 fusion-flex-column\" style=\"--awb-bg-size:cover;--awb-width-large:50%;--awb-flex-grow:0;--awb-flex-shrink:0;--awb-margin-top-large:0px;--awb-spacing-right-large:3.84%;--awb-margin-bottom-large:30px;--awb-spacing-left-large:3.84%;--awb-width-medium:50%;--awb-order-medium:0;--awb-flex-grow-medium:;--awb-flex-shrink-medium:;--awb-spacing-right-medium:3.84%;--awb-spacing-left-medium:3.84%;--awb-width-small:100%;--awb-order-small:0;--awb-flex-grow-small:;--awb-flex-shrink-small:;--awb-spacing-right-small:1.92%;--awb-spacing-left-small:1.92%;\"><div class=\"fusion-column-wrapper fusion-column-has-shadow fusion-flex-justify-content-flex-start fusion-content-layout-column\"><div class=\"fusion-post-cards fusion-post-cards-3 fusion-grid-archive fusion-grid-columns-1 fusion-grid-flex-grow\" style=\"--awb-column-spacing:0px;--awb-columns:1;--awb-active-filter-border-size:3px;--awb-filters-height:36px;\" data-post-type-label=\"posts\"><ul class=\"fusion-grid fusion-grid-1 fusion-flex-align-items-flex-start fusion-grid-posts-cards\"><li class=\"fusion-layout-column fusion_builder_column fusion-builder-column-6 fusion-flex-column post-card fusion-grid-column fusion-post-cards-grid-column\" style=\"--awb-padding-top:20px;--awb-padding-right:20px;--awb-padding-bottom:30px;--awb-padding-left:20px;--awb-overflow:hidden;--awb-bg-blend:overlay;--awb-bg-size:cover;--awb-border-radius:0px 0px 20px 0px;--awb-filter:brightness(100%);--awb-filter-transition:filter 0.3s ease, -webkit-backdrop-filter 0.3s ease, backdrop-filter 0.3s ease;--awb-filter-hover:brightness(105%);--awb-flex-grow:0;--awb-flex-shrink:0;--awb-flex-grow-medium:;--awb-flex-shrink-medium:;--awb-flex-grow-small:;--awb-flex-shrink-small:;\" id=\"beitrag-inhalt-column\"><div class=\"fusion-column-wrapper fusion-column-has-shadow fusion-flex-justify-content-flex-start fusion-content-layout-column\"><div class=\"fusion-content-tb fusion-content-tb-1\" style=\"--awb-text-color:var(--awb-color6);--awb-margin-top:20px;--awb-text-transform:none;\" id=\"cdw-nur-infogram\"><h2><strong>Freizeit-Monitor 2026: Freizeitalltag zwischen digitaler Verf\u00fcgbarkeit und bewusster Entschleunigung<\/strong><\/h2>\n<p>&nbsp;<\/p>\n<p>Die BAT-Stiftung f\u00fcr Zukunftsfragen stellt am 25. August 2026 im Rahmen einer Online-Pressekonferenz den aktuellen \u201eFreizeit-Monitor 2026\u201c vor. F\u00fcr die seit 1986 regelm\u00e4\u00dfig durchgef\u00fchrte Untersuchung wurden im Juli und August 2026 \u00fcber 3.000 repr\u00e4sentativ ausgew\u00e4hlte Bundesb\u00fcrger ab 18 Jahren zu mehr als 100 unterschiedlichen Freizeitaktivit\u00e4ten sowie zum Sonderthema \u201eWieviel Freizeit haben die Bundesb\u00fcrger an einem Werktag\u201c befragt.<\/p>\n<div ><a class=\"fusion-button button-flat fusion-button-default-size button-default fusion-button-default button-3 fusion-button-default-span fusion-button-default-type\" target=\"_self\" href=\"https:\/\/www.freizeitmonitor.de\/\"><span class=\"fusion-button-text awb-button__text awb-button__text--default\">Zum Freizeit-Monitor 2026<\/span><\/a><\/div>\n<h3><strong>40 Jahre Freizeitforschung<\/strong><\/h3>\n<p>Seit 1986 fragt die Stiftung f\u00fcr Zukunftsfragen die Bundesb\u00fcrger nach ihrer freien Zeit und verf\u00fcgt damit heute \u00fcber die l\u00e4ngste kontinuierliche Beobachtung des Freizeitverhaltens in Deutschland.\u00a0Zum 40-j\u00e4hrigen Bestehen zeigen vier Aktivit\u00e4ten die Ver\u00e4nderungen und die Kontinuit\u00e4t im Zeitraffer:<\/p>\n<ul>\n<li>Das Fernsehen war 1986 mit 80 Prozent das unangefochtene Freizeitmedium, erreichte 2004 mit 98 Prozent seinen H\u00f6chststand und liegt nach R\u00fcckg\u00e4ngen seit 2019 heute wieder nahezu auf dem Niveau von 1986. Fernsehen bleibt damit pr\u00e4gend, hat seine fr\u00fchere Alleinstellung jedoch verloren.<\/li>\n<li>Das Internet wurde 1998 erstmals abgefragt und wurde damals von lediglich drei Prozent der Bundesb\u00fcrger wenigstens einmal in der Woche genutzt. Heute sind es 97 Prozent. An die Stelle eines einzelnen Leitmediums ist damit eine jederzeit verf\u00fcgbare digitale Infrastruktur getreten.<\/li>\n<li>Auch der Sport hat deutlich an Bedeutung gewonnen: 1986 trieb nicht einmal jeder F\u00fcnfte (18%) einmal pro Woche Sport, heute ist mehr als die H\u00e4lfte der Bev\u00f6lkerung regelm\u00e4\u00dfig sportlich aktiv (53%). Sport steht damit stellvertretend f\u00fcr einen Wandel hin zu mehr Aktivit\u00e4t, Selbstf\u00fcrsorge und k\u00f6rperlichem Ausgleich.<\/li>\n<li>Anders entwickelte sich die Geselligkeit: Freunde zu treffen war und ist die wichtigste soziale Freizeitaktivit\u00e4t, jedoch ist ihr Stellenwert gesunken. 1986 waren 37 Prozent regelm\u00e4\u00dfig mit Freunden unterwegs, 2003 sogar 41 Prozent, heute lediglich noch 19 Prozent. Die klassische Geselligkeit verliert damit an Reichweite, w\u00e4hrend soziale Kontakte st\u00e4rker in individuell planbare und digitale Formen \u00fcbergehen.<\/li>\n<\/ul>\n<p>Professor Dr. Ulrich Reinhardt fasst den Wandel zusammen<\/p>\n<p><em>\u201eVier Jahrzehnte Freizeitforschung machen sichtbar: Nicht die Bed\u00fcrfnisse der B\u00fcrger haben sich grundlegend ver\u00e4ndert, sondern die Wege, auf denen sie Erholung, Aktivit\u00e4t und Gemeinschaft finden.\u201c<\/em><\/p>\n<p>&nbsp;<\/p>\n<h3>Zwischen Medienkonsum, Erholung und aktiver Freizeit<\/h3>\n<p>Die besonders regelm\u00e4\u00dfig ausge\u00fcbten Freizeitaktivit\u00e4ten sind gegenw\u00e4rtig vor allem medial gepr\u00e4gt. Die Nutzung des Internets, das Fernsehen, das Musikh\u00f6ren sowie die Besch\u00e4ftigung mit dem Smartphone dominieren den Alltag. Die Attraktivit\u00e4t dieser Angebote liegt in ihrer Flexibilit\u00e4t: Sie f\u00fcgen sich m\u00fchelos in den Tagesablauf ein und entsprechen dem Wunsch nach Selbstbestimmung und Bequemlichkeit.<\/p>\n<p>Dennoch ist Freizeit weit mehr als blo\u00dfe Medienzeit. F\u00fcr die Mehrheit der B\u00fcrger geh\u00f6ren dem Nachgehen der eigenen Gedanken, Gespr\u00e4che \u00fcber wichtige Dinge, gemeinsame Zeit mit dem Partner sowie das blo\u00dfe Faulenzen zum festen Wochenrhythmus. Auch Spazierg\u00e4nge, Aufenthalte in der Natur und sportliche Bet\u00e4tigung haben ihren festen Platz. Der Freizeitalltag der Bundesb\u00fcrger bewegt sich somit im Spannungsfeld dreier Pole: Erstens der st\u00e4ndigen Verf\u00fcgbarkeit von Medien, zweitens dem Bed\u00fcrfnis nach Ruhe und Entlastung und drittens der aktiven Besch\u00e4ftigungen sowie Pers\u00f6nlichkeitsentfaltung.<\/p>\n<p>Professor Dr. Ulrich Reinhardt, Wissenschaftlicher Leiter der Stiftung, fasst zusammen: <em>\u201eDie Triebfedern der Freizeit sind Bequemlichkeit, Individualisierung und st\u00e4ndige Verf\u00fcgbarkeit. Zugleich bleibt sie aber auch ein wichtiger Ort f\u00fcr Erholung, N\u00e4he und k\u00f6rperlichem Ausgleich.\u201c<\/em><\/p>\n<p>&nbsp;<\/p>\n<h3>Gewinner und Verlierer im Zehnjahresvergleich<\/h3>\n<p>Der direkte Vergleich der Jahre 2016 und 2026 offenbart mehrere Verschiebungen im Freizeitverhalten der Bundesb\u00fcrger. Im Medienbereich verzeichnen vor allem jene Angebote Zuw\u00e4chse, die orts- und zeitunabh\u00e4ngig (on demand) genutzt werden k\u00f6nnen, w\u00e4hrend klassische, lineare Formate an Reichweite verlieren.<\/p>\n<div class=\"infogram-embed\" data-id=\"fm-veranderung-im-10-jahresvergleich-1h9j6q7q98j354g\" data-type=\"interactive\"><\/div><script>!function(e,t,s,i){var n=\"InfogramEmbeds\",o=e.getElementsByTagName(\"script\"),d=o[0],r=\/^http:\/.test(e.location)?\"http:\":\"https:\";if(\/^\\\/{2}\/.test(i)&&(i=r+i),window[n]&&window[n].initialized)window[n].process&&window[n].process();else if(!e.getElementById(s)){var a=e.createElement(\"script\");a.async=1,a.id=s,a.src=i,d.parentNode.insertBefore(a,d)}}(document,0,\"infogram-async\",\"\/\/e.infogram.com\/js\/dist\/embed-loader-min.js\");<\/script>\n<p>Auch bei den regenerativen Formen zeigen sich Ver\u00e4nderungen. Einfache, wenig aufwendige Arten der Erholung wie das Faulenzen oder Chillen werden h\u00e4ufiger ausge\u00fcbt (+15 Prozentpunkte), w\u00e4hrend zeitlich aufwendigere Aktivit\u00e4ten wie das Sich-in-Ruhe-Pflegen seltener stattfinden (-25 Prozentpunkte).<\/p>\n<p>Ein \u00e4hnlicher Wandel vollzieht sich im Kulturbereich. Obwohl kulturelle Aktivit\u00e4ten insgesamt seltener auf dem Programm stehen als der Medienkonsum, verzeichnen erlebnisorientierte Angebote Zuw\u00e4chse. So besuchen gegenw\u00e4rtig mehr Bundesb\u00fcrger wenigstens einmal j\u00e4hrlich einen Freizeit- und Vergn\u00fcgungsparks (+15 Prozentpunkte), ein Museen und Kunstausstellung (+15 Prozentpunkte), einen Zoos und Tierpark (+13 Prozentpunkte) sowie Konzerte und Festivals (+13 Prozentpunkte), als noch vor zehn Jahren. R\u00fcckl\u00e4ufig sind hingegen die Besuche von Diskotheken (-11 Prozentpunkte) und Volksfesten (-5 Prozentpunkte). Reinhardt erkl\u00e4rt diesen R\u00fcckgang mit einer ver\u00e4nderten Ausgehkultur: \u201eGesucht werden vor allem Freizeitformen, die eine lockere, spontane und eher kurzfristige Nutzung erm\u00f6glichen, anstatt an feste Anl\u00e4sse, l\u00e4ngere Abende und gemeinschaftliche Geselligkeit gebunden zu sein.\u201c<\/p>\n<p>&nbsp;<\/p>\n<h3>Freizeitressourcen: Konstanz \u00fcber die Jahrzehnte<\/h3>\n<p>Trotz digitaler Transformationen und gesellschaftlicher Umbr\u00fcche der vergangenen vier Jahrzehnte hat sich das verf\u00fcgbare Freizeitbudget der Bundesb\u00fcrger an einem normalen Werktag wenig ver\u00e4ndert. Seit 1988 schwanken die Zeitressourcen in einer engen Bandbreite von lediglich 28 Minuten.<\/p>\n<div class=\"infogram-embed\" data-id=\"freizeit-in-stunden-1hmr6g83xlylo2n\" data-type=\"interactive\"><\/div><script>!function(e,t,s,i){var n=\"InfogramEmbeds\",o=e.getElementsByTagName(\"script\"),d=o[0],r=\/^http:\/.test(e.location)?\"http:\":\"https:\";if(\/^\\\/{2}\/.test(i)&&(i=r+i),window[n]&&window[n].initialized)window[n].process&&window[n].process();else if(!e.getElementById(s)){var a=e.createElement(\"script\");a.async=1,a.id=s,a.src=i,d.parentNode.insertBefore(a,d)}}(document,0,\"infogram-async\",\"\/\/e.infogram.com\/js\/dist\/embed-loader-min.js\");<\/script>\n<p>Reinhardt ordnet diese Entwicklung wie folgt ein: <em>\u201eDiese Konstanz ist keineswegs selbstverst\u00e4ndlich. Immerhin haben wir in diesem Zeitraum eine digitale Revolution erlebt, die uns unz\u00e4hlige Effizienzgewinne versprach. Haushaltsger\u00e4te wurden schneller, Kommunikation unmittelbarer und Arbeitsprozesse automatisiert. Doch die Zeit, die dadurch gewonnen wurde, scheint an anderer Stelle wieder verschwunden zu sein. Die Grenzen zwischen Arbeit und Freizeit verschwimmen, st\u00e4ndige Erreichbarkeit fordert ihren Tribut und neue Formen der Besch\u00e4ftigung f\u00fcllen jene Nischen, die die Technologie eigentlich geschaffen hat.\u201c<\/em><\/p>\n<h2><\/h2>\n<h3>Ausblick: Beharrung oder Wandel<\/h3>\n<p>Die zentrale Frage f\u00fcr die kommenden Jahre lautet, ob das konstant gebliebene Zeitbudget der Bundesb\u00fcrger auch k\u00fcnftig Bestand haben wird. Gesellschaftliche und wirtschaftliche Debatten \u00fcber neue Arbeitszeitmodelle \u2013 von der Vier-Tage-Woche \u00fcber eine radikale Arbeitszeitflexibilisierung bis hin zu Forderungen nach wieder l\u00e4ngeren Arbeitszeiten \u2013 deuten auf m\u00f6gliche strukturelle Ver\u00e4nderungen hin.<\/p>\n<p>Unabh\u00e4ngig davon, wie sich das rein quantitative Zeitbudget entwickelt, wird aber auch in Zukunft die qualitative Ausgestaltung der Freizeit entscheidend bleiben. Eine anhaltende Herausforderung f\u00fcr die Bev\u00f6lkerung wird dabei darin bestehen, im Spannungsfeld aus st\u00e4ndiger Reiz\u00fcberflutung, beruflichen Anforderungen und privaten Verpflichtungen bewusste R\u00e4ume f\u00fcr Erholung, Ausgleich und pers\u00f6nliche Entfaltung zu bewahren.<\/p>\n<p>&nbsp;<\/p>\n<div ><a class=\"fusion-button button-flat fusion-button-default-size button-default fusion-button-default button-4 fusion-button-default-span fusion-button-default-type\" target=\"_self\" href=\"www.freizeitmonitor.de\"><span class=\"fusion-button-text awb-button__text awb-button__text--default\">Zum Freizeit-Monitor 2026<\/span><\/a><\/div>\n<\/div><\/div><\/li>\n<\/ul><\/div><\/div><\/div><\/div><\/div><div class=\"fusion-fullwidth fullwidth-box fusion-builder-row-3 fusion-flex-container has-pattern-background has-mask-background fusion-parallax-fixed nonhundred-percent-fullwidth non-hundred-percent-height-scrolling lazyload\" style=\"--awb-background-position:center top;--awb-border-radius-top-left:0px;--awb-border-radius-top-right:0px;--awb-border-radius-bottom-right:0px;--awb-border-radius-bottom-left:0px;--awb-padding-top:23px;--awb-padding-bottom:48px;--awb-background-color:var(--awb-color4);--awb-background-image:linear-gradient(180deg, rgba(75,121,255,0.5) 0%,rgba(75,121,255,0.5) 100%);;--awb-background-size:cover;--awb-flex-wrap:wrap;background-attachment:fixed;\" data-bg=\"https:\/\/www.stiftungfuerzukunftsfragen.de\/wp-content\/uploads\/benjamin-sow-30fFdbbpFzU-unsplash.jpg\" data-bg-gradient=\"linear-gradient(180deg, rgba(75,121,255,0.5) 0%,rgba(75,121,255,0.5) 100%)\" ><div class=\"fusion-builder-row fusion-row fusion-flex-align-items-flex-start fusion-flex-content-wrap\" style=\"max-width:1664px;margin-left: calc(-4% \/ 2 );margin-right: calc(-4% \/ 2 );\"><div class=\"fusion-layout-column fusion_builder_column fusion-builder-column-7 fusion_builder_column_1_1 1_1 fusion-flex-column\" style=\"--awb-bg-size:cover;--awb-width-large:100%;--awb-flex-grow:0;--awb-flex-shrink:0;--awb-margin-top-large:0px;--awb-spacing-right-large:1.92%;--awb-margin-bottom-large:30px;--awb-spacing-left-large:1.92%;--awb-width-medium:100%;--awb-order-medium:0;--awb-flex-grow-medium:;--awb-flex-shrink-medium:;--awb-spacing-right-medium:1.92%;--awb-spacing-left-medium:1.92%;--awb-width-small:100%;--awb-order-small:0;--awb-flex-grow-small:;--awb-flex-shrink-small:;--awb-spacing-right-small:1.92%;--awb-spacing-left-small:1.92%;\"><div class=\"fusion-column-wrapper fusion-column-has-shadow fusion-flex-justify-content-flex-start fusion-content-layout-column\"><div class=\"fusion-separator fusion-full-width-sep\" style=\"align-self: center;margin-left: auto;margin-right: auto;margin-top:50px;margin-bottom:50px;width:100%;\"><\/div><div class=\"fusion-title title fusion-title-5 fusion-sep-none fusion-title-text fusion-title-size-five\" style=\"--awb-text-color:var(--awb-custom_color_3);--awb-margin-top-small:10px;--awb-margin-right-small:0px;--awb-margin-bottom-small:10px;--awb-margin-left-small:0px;\"><h5 class=\"fusion-title-heading title-heading-left fusion-responsive-typography-calculated\" style=\"margin:0;--fontSize:20;line-height:var(--awb-typography1-line-height);\">Aktuelle<br \/>\nForschungsbeitr\u00e4ge<\/h5><\/div><div class=\"fusion-post-cards fusion-post-cards-4 fusion-grid-archive fusion-grid-columns-4\" style=\"--awb-active-filter-border-size:3px;--awb-filters-height:36px;--awb-margin-bottom:20px;\" data-post-type-label=\"posts\"><ul class=\"fusion-grid fusion-grid-4 fusion-flex-align-items-flex-start fusion-grid-posts-cards\"><li class=\"fusion-layout-column fusion_builder_column fusion-builder-column-8 fusion-flex-column fusion-column-inner-bg-wrapper post-card fusion-grid-column fusion-post-cards-grid-column\" style=\"--awb-padding-top:10px;--awb-padding-right:20px;--awb-padding-bottom:20px;--awb-padding-left:20px;--awb-overflow:hidden;--awb-inner-bg-color:var(--awb-color3);--awb-inner-bg-color-hover:var(--awb-color3);--awb-inner-bg-blend:overlay;--awb-inner-bg-size:cover;--awb-border-radius:0px 0px 20px 0px;--awb-inner-bg-border-radius:0px 0px 20px 0px;--awb-inner-bg-overflow:hidden;--awb-filter:brightness(100%);--awb-filter-transition:filter 0.3s ease, -webkit-backdrop-filter 0.3s ease, backdrop-filter 0.3s ease;--awb-filter-hover:brightness(95%);--awb-flex-grow:0;--awb-flex-shrink:0;--awb-flex-grow-medium:;--awb-flex-shrink-medium:;--awb-flex-grow-small:;--awb-flex-shrink-small:;\" id=\"archiv-postcard\"><span class=\"fusion-column-inner-bg hover-type-none\"><a class=\"fusion-column-anchor\" href=\"https:\/\/www.stiftungfuerzukunftsfragen.de\/en\/freizeit-monitor-2026\/\"><span class=\"fusion-column-inner-bg-image\"><\/span><\/a><\/span><div class=\"fusion-column-wrapper fusion-column-has-shadow fusion-flex-justify-content-flex-start fusion-content-layout-column\"><div class=\"fusion-title title fusion-title-6 fusion-sep-none fusion-title-text fusion-title-size-five\" style=\"--awb-text-color:var(--awb-color1);--awb-margin-bottom:-20px;--awb-margin-top-small:10px;--awb-margin-right-small:0px;--awb-margin-bottom-small:10px;--awb-margin-left-small:0px;--awb-link-color:var(--awb-color6);--awb-font-size:16px;\"><h5 class=\"fusion-title-heading title-heading-left fusion-responsive-typography-calculated\" style=\"font-family:&quot;Montserrat&quot;;font-style:normal;font-weight:600;margin:0;font-size:1em;--fontSize:16;line-height:var(--awb-typography1-line-height);\"><a href=\"https:\/\/www.stiftungfuerzukunftsfragen.de\/en\/freizeit-monitor-2026\/\" class=\"awb-custom-text-color awb-custom-text-hover-color\" target=\"_self\">Freizeit-Monitor 2026<\/a><\/h5><\/div><div class=\"fusion-text fusion-text-9 fusion-text-no-margin\" style=\"--awb-font-size:12px;--awb-margin-top:25px;--awb-margin-bottom:-2px;\"><p>Forschung aktuell, 320<\/p>\n<\/div><div class=\"fusion-text fusion-text-10 fusion-text-no-margin\" style=\"--awb-content-alignment:left;--awb-font-size:12px;--awb-text-color:var(--awb-custom_color_2);--awb-margin-bottom:-10px;\"><p>25. August 2026<\/p>\n<\/div><\/div><\/li>\n<li class=\"fusion-layout-column fusion_builder_column fusion-builder-column-9 fusion-flex-column fusion-column-inner-bg-wrapper post-card fusion-grid-column fusion-post-cards-grid-column\" style=\"--awb-padding-top:10px;--awb-padding-right:20px;--awb-padding-bottom:20px;--awb-padding-left:20px;--awb-overflow:hidden;--awb-inner-bg-color:var(--awb-color3);--awb-inner-bg-color-hover:var(--awb-color3);--awb-inner-bg-blend:overlay;--awb-inner-bg-size:cover;--awb-border-radius:0px 0px 20px 0px;--awb-inner-bg-border-radius:0px 0px 20px 0px;--awb-inner-bg-overflow:hidden;--awb-filter:brightness(100%);--awb-filter-transition:filter 0.3s ease, -webkit-backdrop-filter 0.3s ease, backdrop-filter 0.3s ease;--awb-filter-hover:brightness(95%);--awb-flex-grow:0;--awb-flex-shrink:0;--awb-flex-grow-medium:;--awb-flex-shrink-medium:;--awb-flex-grow-small:;--awb-flex-shrink-small:;\" id=\"archiv-postcard\"><span class=\"fusion-column-inner-bg hover-type-none\"><a class=\"fusion-column-anchor\" href=\"https:\/\/www.stiftungfuerzukunftsfragen.de\/en\/einladung-zur-pressekonferenz-freizeit-monitor-2026\/\"><span class=\"fusion-column-inner-bg-image\"><\/span><\/a><\/span><div class=\"fusion-column-wrapper fusion-column-has-shadow fusion-flex-justify-content-flex-start fusion-content-layout-column\"><div class=\"fusion-title title fusion-title-7 fusion-sep-none fusion-title-text fusion-title-size-five\" style=\"--awb-text-color:var(--awb-color1);--awb-margin-bottom:-20px;--awb-margin-top-small:10px;--awb-margin-right-small:0px;--awb-margin-bottom-small:10px;--awb-margin-left-small:0px;--awb-link-color:var(--awb-color6);--awb-font-size:16px;\"><h5 class=\"fusion-title-heading title-heading-left fusion-responsive-typography-calculated\" style=\"font-family:&quot;Montserrat&quot;;font-style:normal;font-weight:600;margin:0;font-size:1em;--fontSize:16;line-height:var(--awb-typography1-line-height);\"><a href=\"https:\/\/www.stiftungfuerzukunftsfragen.de\/en\/einladung-zur-pressekonferenz-freizeit-monitor-2026\/\" class=\"awb-custom-text-color awb-custom-text-hover-color\" target=\"_self\">Einladung zur Pressekonferenz: Freizeit-Monitor 2026<\/a><\/h5><\/div><div class=\"fusion-text fusion-text-11 fusion-text-no-margin\" style=\"--awb-font-size:12px;--awb-margin-top:25px;--awb-margin-bottom:-2px;\"><p>Freizeit-Monitor 2026<\/p>\n<\/div><div class=\"fusion-text fusion-text-12 fusion-text-no-margin\" style=\"--awb-content-alignment:left;--awb-font-size:12px;--awb-text-color:var(--awb-custom_color_2);--awb-margin-bottom:-10px;\"><p>12. August 2026<\/p>\n<\/div><\/div><\/li>\n<li class=\"fusion-layout-column fusion_builder_column fusion-builder-column-10 fusion-flex-column fusion-column-inner-bg-wrapper post-card fusion-grid-column fusion-post-cards-grid-column\" style=\"--awb-padding-top:10px;--awb-padding-right:20px;--awb-padding-bottom:20px;--awb-padding-left:20px;--awb-overflow:hidden;--awb-inner-bg-color:var(--awb-color3);--awb-inner-bg-color-hover:var(--awb-color3);--awb-inner-bg-blend:overlay;--awb-inner-bg-size:cover;--awb-border-radius:0px 0px 20px 0px;--awb-inner-bg-border-radius:0px 0px 20px 0px;--awb-inner-bg-overflow:hidden;--awb-filter:brightness(100%);--awb-filter-transition:filter 0.3s ease, -webkit-backdrop-filter 0.3s ease, backdrop-filter 0.3s ease;--awb-filter-hover:brightness(95%);--awb-flex-grow:0;--awb-flex-shrink:0;--awb-flex-grow-medium:;--awb-flex-shrink-medium:;--awb-flex-grow-small:;--awb-flex-shrink-small:;\" id=\"archiv-postcard\"><span class=\"fusion-column-inner-bg hover-type-none\"><a class=\"fusion-column-anchor\" href=\"https:\/\/www.stiftungfuerzukunftsfragen.de\/en\/zukunft-der-bildung-2-2-wer-praegt-die-junge-generation\/\"><span class=\"fusion-column-inner-bg-image\"><\/span><\/a><\/span><div class=\"fusion-column-wrapper fusion-column-has-shadow fusion-flex-justify-content-flex-start fusion-content-layout-column\"><div class=\"fusion-title title fusion-title-8 fusion-sep-none fusion-title-text fusion-title-size-five\" style=\"--awb-text-color:var(--awb-color1);--awb-margin-bottom:-20px;--awb-margin-top-small:10px;--awb-margin-right-small:0px;--awb-margin-bottom-small:10px;--awb-margin-left-small:0px;--awb-link-color:var(--awb-color6);--awb-font-size:16px;\"><h5 class=\"fusion-title-heading title-heading-left fusion-responsive-typography-calculated\" style=\"font-family:&quot;Montserrat&quot;;font-style:normal;font-weight:600;margin:0;font-size:1em;--fontSize:16;line-height:var(--awb-typography1-line-height);\"><a href=\"https:\/\/www.stiftungfuerzukunftsfragen.de\/en\/zukunft-der-bildung-2-2-wer-praegt-die-junge-generation\/\" class=\"awb-custom-text-color awb-custom-text-hover-color\" target=\"_self\">Zukunft der Bildung (2\/2): Wer pr\u00e4gt die junge Generation?<\/a><\/h5><\/div><div class=\"fusion-text fusion-text-13 fusion-text-no-margin\" style=\"--awb-font-size:12px;--awb-margin-top:25px;--awb-margin-bottom:-2px;\"><p>Forschung aktuell, 320<\/p>\n<\/div><div class=\"fusion-text fusion-text-14 fusion-text-no-margin\" style=\"--awb-content-alignment:left;--awb-font-size:12px;--awb-text-color:var(--awb-custom_color_2);--awb-margin-bottom:-10px;\"><p>6. August 2026<\/p>\n<\/div><\/div><\/li>\n<li class=\"fusion-layout-column fusion_builder_column fusion-builder-column-11 fusion-flex-column fusion-column-inner-bg-wrapper post-card fusion-grid-column fusion-post-cards-grid-column\" style=\"--awb-padding-top:10px;--awb-padding-right:20px;--awb-padding-bottom:20px;--awb-padding-left:20px;--awb-overflow:hidden;--awb-inner-bg-color:var(--awb-color3);--awb-inner-bg-color-hover:var(--awb-color3);--awb-inner-bg-blend:overlay;--awb-inner-bg-size:cover;--awb-border-radius:0px 0px 20px 0px;--awb-inner-bg-border-radius:0px 0px 20px 0px;--awb-inner-bg-overflow:hidden;--awb-filter:brightness(100%);--awb-filter-transition:filter 0.3s ease, -webkit-backdrop-filter 0.3s ease, backdrop-filter 0.3s ease;--awb-filter-hover:brightness(95%);--awb-flex-grow:0;--awb-flex-shrink:0;--awb-flex-grow-medium:;--awb-flex-shrink-medium:;--awb-flex-grow-small:;--awb-flex-shrink-small:;\" id=\"archiv-postcard\"><span class=\"fusion-column-inner-bg hover-type-none\"><a class=\"fusion-column-anchor\" href=\"https:\/\/www.stiftungfuerzukunftsfragen.de\/en\/zukunft-der-bildung-1-2-was-muessen-unsere-schulen-leisten-2\/\"><span class=\"fusion-column-inner-bg-image\"><\/span><\/a><\/span><div class=\"fusion-column-wrapper fusion-column-has-shadow fusion-flex-justify-content-flex-start fusion-content-layout-column\"><div class=\"fusion-title title fusion-title-9 fusion-sep-none fusion-title-text fusion-title-size-five\" style=\"--awb-text-color:var(--awb-color1);--awb-margin-bottom:-20px;--awb-margin-top-small:10px;--awb-margin-right-small:0px;--awb-margin-bottom-small:10px;--awb-margin-left-small:0px;--awb-link-color:var(--awb-color6);--awb-font-size:16px;\"><h5 class=\"fusion-title-heading title-heading-left fusion-responsive-typography-calculated\" style=\"font-family:&quot;Montserrat&quot;;font-style:normal;font-weight:600;margin:0;font-size:1em;--fontSize:16;line-height:var(--awb-typography1-line-height);\"><a href=\"https:\/\/www.stiftungfuerzukunftsfragen.de\/en\/zukunft-der-bildung-1-2-was-muessen-unsere-schulen-leisten-2\/\" class=\"awb-custom-text-color awb-custom-text-hover-color\" target=\"_self\">Zukunft der Bildung (1\/2): Was m\u00fcssen unsere Schulen leisten?<\/a><\/h5><\/div><div class=\"fusion-text fusion-text-15 fusion-text-no-margin\" style=\"--awb-font-size:12px;--awb-margin-top:25px;--awb-margin-bottom:-2px;\"><p>Forschung aktuell, 319<\/p>\n<\/div><div class=\"fusion-text fusion-text-16 fusion-text-no-margin\" style=\"--awb-content-alignment:left;--awb-font-size:12px;--awb-text-color:var(--awb-custom_color_2);--awb-margin-bottom:-10px;\"><p>9. July 2026<\/p>\n<\/div><\/div><\/li>\n<li class=\"fusion-layout-column fusion_builder_column fusion-builder-column-12 fusion-flex-column fusion-column-inner-bg-wrapper post-card fusion-grid-column fusion-post-cards-grid-column\" style=\"--awb-padding-top:10px;--awb-padding-right:20px;--awb-padding-bottom:20px;--awb-padding-left:20px;--awb-overflow:hidden;--awb-inner-bg-color:var(--awb-color3);--awb-inner-bg-color-hover:var(--awb-color3);--awb-inner-bg-blend:overlay;--awb-inner-bg-size:cover;--awb-border-radius:0px 0px 20px 0px;--awb-inner-bg-border-radius:0px 0px 20px 0px;--awb-inner-bg-overflow:hidden;--awb-filter:brightness(100%);--awb-filter-transition:filter 0.3s ease, -webkit-backdrop-filter 0.3s ease, backdrop-filter 0.3s ease;--awb-filter-hover:brightness(95%);--awb-flex-grow:0;--awb-flex-shrink:0;--awb-flex-grow-medium:;--awb-flex-shrink-medium:;--awb-flex-grow-small:;--awb-flex-shrink-small:;\" id=\"archiv-postcard\"><span class=\"fusion-column-inner-bg hover-type-none\"><a class=\"fusion-column-anchor\" href=\"https:\/\/www.stiftungfuerzukunftsfragen.de\/en\/familie-im-wandel-warum-sich-immer-mehr-gegen-kinder-entscheiden\/\"><span class=\"fusion-column-inner-bg-image\"><\/span><\/a><\/span><div class=\"fusion-column-wrapper fusion-column-has-shadow fusion-flex-justify-content-flex-start fusion-content-layout-column\"><div class=\"fusion-title title fusion-title-10 fusion-sep-none fusion-title-text fusion-title-size-five\" style=\"--awb-text-color:var(--awb-color1);--awb-margin-bottom:-20px;--awb-margin-top-small:10px;--awb-margin-right-small:0px;--awb-margin-bottom-small:10px;--awb-margin-left-small:0px;--awb-link-color:var(--awb-color6);--awb-font-size:16px;\"><h5 class=\"fusion-title-heading title-heading-left fusion-responsive-typography-calculated\" style=\"font-family:&quot;Montserrat&quot;;font-style:normal;font-weight:600;margin:0;font-size:1em;--fontSize:16;line-height:var(--awb-typography1-line-height);\"><a href=\"https:\/\/www.stiftungfuerzukunftsfragen.de\/en\/familie-im-wandel-warum-sich-immer-mehr-gegen-kinder-entscheiden\/\" class=\"awb-custom-text-color awb-custom-text-hover-color\" target=\"_self\">Familie im Wandel: Warum sich immer mehr gegen Kinder entscheiden<\/a><\/h5><\/div><div class=\"fusion-text fusion-text-17 fusion-text-no-margin\" style=\"--awb-font-size:12px;--awb-margin-top:25px;--awb-margin-bottom:-2px;\"><p>Forschung aktuell, 318<\/p>\n<\/div><div class=\"fusion-text fusion-text-18 fusion-text-no-margin\" style=\"--awb-content-alignment:left;--awb-font-size:12px;--awb-text-color:var(--awb-custom_color_2);--awb-margin-bottom:-10px;\"><p>4. June 2026<\/p>\n<\/div><\/div><\/li>\n<li class=\"fusion-layout-column fusion_builder_column fusion-builder-column-13 fusion-flex-column fusion-column-inner-bg-wrapper post-card fusion-grid-column fusion-post-cards-grid-column\" style=\"--awb-padding-top:10px;--awb-padding-right:20px;--awb-padding-bottom:20px;--awb-padding-left:20px;--awb-overflow:hidden;--awb-inner-bg-color:var(--awb-color3);--awb-inner-bg-color-hover:var(--awb-color3);--awb-inner-bg-blend:overlay;--awb-inner-bg-size:cover;--awb-border-radius:0px 0px 20px 0px;--awb-inner-bg-border-radius:0px 0px 20px 0px;--awb-inner-bg-overflow:hidden;--awb-filter:brightness(100%);--awb-filter-transition:filter 0.3s ease, -webkit-backdrop-filter 0.3s ease, backdrop-filter 0.3s ease;--awb-filter-hover:brightness(95%);--awb-flex-grow:0;--awb-flex-shrink:0;--awb-flex-grow-medium:;--awb-flex-shrink-medium:;--awb-flex-grow-small:;--awb-flex-shrink-small:;\" id=\"archiv-postcard\"><span class=\"fusion-column-inner-bg hover-type-none\"><a class=\"fusion-column-anchor\" href=\"https:\/\/www.stiftungfuerzukunftsfragen.de\/en\/erholung-auf-see-druck-an-land-warum-kreuzfahrten-weiter-wachsen\/\"><span class=\"fusion-column-inner-bg-image\"><\/span><\/a><\/span><div class=\"fusion-column-wrapper fusion-column-has-shadow fusion-flex-justify-content-flex-start fusion-content-layout-column\"><div class=\"fusion-title title fusion-title-11 fusion-sep-none fusion-title-text fusion-title-size-five\" style=\"--awb-text-color:var(--awb-color1);--awb-margin-bottom:-20px;--awb-margin-top-small:10px;--awb-margin-right-small:0px;--awb-margin-bottom-small:10px;--awb-margin-left-small:0px;--awb-link-color:var(--awb-color6);--awb-font-size:16px;\"><h5 class=\"fusion-title-heading title-heading-left fusion-responsive-typography-calculated\" style=\"font-family:&quot;Montserrat&quot;;font-style:normal;font-weight:600;margin:0;font-size:1em;--fontSize:16;line-height:var(--awb-typography1-line-height);\"><a href=\"https:\/\/www.stiftungfuerzukunftsfragen.de\/en\/erholung-auf-see-druck-an-land-warum-kreuzfahrten-weiter-wachsen\/\" class=\"awb-custom-text-color awb-custom-text-hover-color\" target=\"_self\">Erholung auf See, Druck an Land: Warum Kreuzfahrten weiter wachsen<\/a><\/h5><\/div><div class=\"fusion-text fusion-text-19 fusion-text-no-margin\" style=\"--awb-font-size:12px;--awb-margin-top:25px;--awb-margin-bottom:-2px;\"><p>Forschung aktuell, 317<\/p>\n<\/div><div class=\"fusion-text fusion-text-20 fusion-text-no-margin\" style=\"--awb-content-alignment:left;--awb-font-size:12px;--awb-text-color:var(--awb-custom_color_2);--awb-margin-bottom:-10px;\"><p>7. May 2026<\/p>\n<\/div><\/div><\/li>\n<li class=\"fusion-layout-column fusion_builder_column fusion-builder-column-14 fusion-flex-column fusion-column-inner-bg-wrapper post-card fusion-grid-column fusion-post-cards-grid-column\" style=\"--awb-padding-top:10px;--awb-padding-right:20px;--awb-padding-bottom:20px;--awb-padding-left:20px;--awb-overflow:hidden;--awb-inner-bg-color:var(--awb-color3);--awb-inner-bg-color-hover:var(--awb-color3);--awb-inner-bg-blend:overlay;--awb-inner-bg-size:cover;--awb-border-radius:0px 0px 20px 0px;--awb-inner-bg-border-radius:0px 0px 20px 0px;--awb-inner-bg-overflow:hidden;--awb-filter:brightness(100%);--awb-filter-transition:filter 0.3s ease, -webkit-backdrop-filter 0.3s ease, backdrop-filter 0.3s ease;--awb-filter-hover:brightness(95%);--awb-flex-grow:0;--awb-flex-shrink:0;--awb-flex-grow-medium:;--awb-flex-shrink-medium:;--awb-flex-grow-small:;--awb-flex-shrink-small:;\" id=\"archiv-postcard\"><span class=\"fusion-column-inner-bg hover-type-none\"><a class=\"fusion-column-anchor\" href=\"https:\/\/www.stiftungfuerzukunftsfragen.de\/en\/wer-im-job-am-zufriedensten-ist-vom-azubi-bis-zum-beamten\/\"><span class=\"fusion-column-inner-bg-image\"><\/span><\/a><\/span><div class=\"fusion-column-wrapper fusion-column-has-shadow fusion-flex-justify-content-flex-start fusion-content-layout-column\"><div class=\"fusion-title title fusion-title-12 fusion-sep-none fusion-title-text fusion-title-size-five\" style=\"--awb-text-color:var(--awb-color1);--awb-margin-bottom:-20px;--awb-margin-top-small:10px;--awb-margin-right-small:0px;--awb-margin-bottom-small:10px;--awb-margin-left-small:0px;--awb-link-color:var(--awb-color6);--awb-font-size:16px;\"><h5 class=\"fusion-title-heading title-heading-left fusion-responsive-typography-calculated\" style=\"font-family:&quot;Montserrat&quot;;font-style:normal;font-weight:600;margin:0;font-size:1em;--fontSize:16;line-height:var(--awb-typography1-line-height);\"><a href=\"https:\/\/www.stiftungfuerzukunftsfragen.de\/en\/wer-im-job-am-zufriedensten-ist-vom-azubi-bis-zum-beamten\/\" class=\"awb-custom-text-color awb-custom-text-hover-color\" target=\"_self\">Wer im Job am zufriedensten ist \u2013 vom Azubi bis zum Beamten<\/a><\/h5><\/div><div class=\"fusion-text fusion-text-21 fusion-text-no-margin\" style=\"--awb-font-size:12px;--awb-margin-top:25px;--awb-margin-bottom:-2px;\"><p>Forschung aktuell, 316<\/p>\n<\/div><div class=\"fusion-text fusion-text-22 fusion-text-no-margin\" style=\"--awb-content-alignment:left;--awb-font-size:12px;--awb-text-color:var(--awb-custom_color_2);--awb-margin-bottom:-10px;\"><p>9. April 2026<\/p>\n<\/div><\/div><\/li>\n<li class=\"fusion-layout-column fusion_builder_column fusion-builder-column-15 fusion-flex-column fusion-column-inner-bg-wrapper post-card fusion-grid-column fusion-post-cards-grid-column\" style=\"--awb-padding-top:10px;--awb-padding-right:20px;--awb-padding-bottom:20px;--awb-padding-left:20px;--awb-overflow:hidden;--awb-inner-bg-color:var(--awb-color3);--awb-inner-bg-color-hover:var(--awb-color3);--awb-inner-bg-blend:overlay;--awb-inner-bg-size:cover;--awb-border-radius:0px 0px 20px 0px;--awb-inner-bg-border-radius:0px 0px 20px 0px;--awb-inner-bg-overflow:hidden;--awb-filter:brightness(100%);--awb-filter-transition:filter 0.3s ease, -webkit-backdrop-filter 0.3s ease, backdrop-filter 0.3s ease;--awb-filter-hover:brightness(95%);--awb-flex-grow:0;--awb-flex-shrink:0;--awb-flex-grow-medium:;--awb-flex-shrink-medium:;--awb-flex-grow-small:;--awb-flex-shrink-small:;\" id=\"archiv-postcard\"><span class=\"fusion-column-inner-bg hover-type-none\"><a class=\"fusion-column-anchor\" href=\"https:\/\/www.stiftungfuerzukunftsfragen.de\/en\/urlaub-zwischen-budget-und-biografie-was-reisekosten-ueber-soziale-unterschiede-verraten\/\"><span class=\"fusion-column-inner-bg-image\"><\/span><\/a><\/span><div class=\"fusion-column-wrapper fusion-column-has-shadow fusion-flex-justify-content-flex-start fusion-content-layout-column\"><div class=\"fusion-title title fusion-title-13 fusion-sep-none fusion-title-text fusion-title-size-five\" style=\"--awb-text-color:var(--awb-color1);--awb-margin-bottom:-20px;--awb-margin-top-small:10px;--awb-margin-right-small:0px;--awb-margin-bottom-small:10px;--awb-margin-left-small:0px;--awb-link-color:var(--awb-color6);--awb-font-size:16px;\"><h5 class=\"fusion-title-heading title-heading-left fusion-responsive-typography-calculated\" style=\"font-family:&quot;Montserrat&quot;;font-style:normal;font-weight:600;margin:0;font-size:1em;--fontSize:16;line-height:var(--awb-typography1-line-height);\"><a href=\"https:\/\/www.stiftungfuerzukunftsfragen.de\/en\/urlaub-zwischen-budget-und-biografie-was-reisekosten-ueber-soziale-unterschiede-verraten\/\" class=\"awb-custom-text-color awb-custom-text-hover-color\" target=\"_self\">Urlaub zwischen Budget und Biografie \u2013  was Reisekosten \u00fcber soziale Unterschiede verraten<\/a><\/h5><\/div><div class=\"fusion-text fusion-text-23 fusion-text-no-margin\" style=\"--awb-font-size:12px;--awb-margin-top:25px;--awb-margin-bottom:-2px;\"><p>Chart der Woche, 2026-KW9<\/p>\n<\/div><div class=\"fusion-text fusion-text-24 fusion-text-no-margin\" style=\"--awb-content-alignment:left;--awb-font-size:12px;--awb-text-color:var(--awb-custom_color_2);--awb-margin-bottom:-10px;\"><p>3. March 2026<\/p>\n<\/div><\/div><\/li>\n<\/ul><\/div><div ><a class=\"fusion-button button-flat fusion-button-default-size button-default fusion-button-default button-5 fusion-button-default-span fusion-button-default-type\" target=\"_self\" href=\"https:\/\/stiftungfuerzukunftsfragen.de\/forschung\/#formate\"><i class=\"fa-angle-right fas awb-button__icon awb-button__icon--default button-icon-left\" aria-hidden=\"true\"><\/i><span class=\"fusion-button-text awb-button__text awb-button__text--default\">alle Formate im \u00dcberblick<\/span><\/a><\/div><div class=\"fusion-separator fusion-full-width-sep\" style=\"align-self: center;margin-left: auto;margin-right: auto;margin-top:50px;margin-bottom:50px;width:100%;\"><\/div><\/div><\/div><\/div><\/div><div id=\"podcast\" class=\"fusion-container-anchor\"><div class=\"fusion-fullwidth fullwidth-box fusion-builder-row-4 fusion-flex-container has-pattern-background has-mask-background nonhundred-percent-fullwidth non-hundred-percent-height-scrolling\" style=\"--awb-border-radius-top-left:0px;--awb-border-radius-top-right:0px;--awb-border-radius-bottom-right:0px;--awb-border-radius-bottom-left:0px;--awb-padding-top:40px;--awb-padding-bottom:40px;--awb-background-color:var(--awb-color5);--awb-flex-wrap:wrap;\" ><div class=\"fusion-builder-row fusion-row fusion-flex-align-items-center fusion-flex-justify-content-center fusion-flex-content-wrap\" style=\"max-width:1664px;margin-left: calc(-4% \/ 2 );margin-right: calc(-4% \/ 2 );\"><div class=\"fusion-layout-column fusion_builder_column fusion-builder-column-16 fusion_builder_column_1_3 1_3 fusion-flex-column fusion-flex-align-self-flex-start\" style=\"--awb-bg-blend:overlay;--awb-bg-size:cover;--awb-width-large:33.333333333333%;--awb-flex-grow:0;--awb-flex-shrink:0;--awb-margin-top-large:0px;--awb-spacing-right-large:5.76%;--awb-margin-bottom-large:0px;--awb-spacing-left-large:5.76%;--awb-width-medium:33.333333333333%;--awb-order-medium:0;--awb-flex-grow-medium:;--awb-flex-shrink-medium:;--awb-spacing-right-medium:5.76%;--awb-spacing-left-medium:5.76%;--awb-width-small:100%;--awb-order-small:0;--awb-flex-grow-small:;--awb-flex-shrink-small:;--awb-spacing-right-small:1.92%;--awb-spacing-left-small:1.92%;\"><div class=\"fusion-column-wrapper fusion-column-has-shadow fusion-flex-justify-content-flex-start fusion-content-layout-column\"><div class=\"fusion-separator fusion-full-width-sep\" style=\"align-self: center;margin-left: auto;margin-right: auto;margin-top:50px;margin-bottom:50px;width:100%;\"><\/div><div class=\"fusion-image-element\" style=\"text-align:left;--awb-max-width:500px;--awb-caption-title-font-family:var(--h2_typography-font-family);--awb-caption-title-font-weight:var(--h2_typography-font-weight);--awb-caption-title-font-style:var(--h2_typography-font-style);--awb-caption-title-size:var(--h2_typography-font-size);--awb-caption-title-transform:var(--h2_typography-text-transform);--awb-caption-title-line-height:var(--h2_typography-line-height);--awb-caption-title-letter-spacing:var(--h2_typography-letter-spacing);\"><span class=\" fusion-imageframe imageframe-none imageframe-2 hover-type-none\"><img decoding=\"async\" width=\"800\" height=\"889\" src=\"https:\/\/www.stiftungfuerzukunftsfragen.de\/wp-content\/uploads\/2022\/08\/Podcast.png\" data-orig-src=\"https:\/\/www.stiftungfuerzukunftsfragen.de\/wp-content\/uploads\/2022\/08\/Podcast-800x889.png\" alt class=\"lazyload img-responsive wp-image-158\" srcset=\"data:image\/svg+xml,%3Csvg%20xmlns%3D%27http%3A%2F%2Fwww.w3.org%2F2000%2Fsvg%27%20width%3D%271940%27%20height%3D%272156%27%20viewBox%3D%270%200%201940%202156%27%3E%3Crect%20width%3D%271940%27%20height%3D%272156%27%20fill-opacity%3D%220%22%2F%3E%3C%2Fsvg%3E\" data-srcset=\"https:\/\/www.stiftungfuerzukunftsfragen.de\/wp-content\/uploads\/2022\/08\/Podcast-200x222.png 200w, https:\/\/www.stiftungfuerzukunftsfragen.de\/wp-content\/uploads\/2022\/08\/Podcast-400x445.png 400w, https:\/\/www.stiftungfuerzukunftsfragen.de\/wp-content\/uploads\/2022\/08\/Podcast-600x667.png 600w, https:\/\/www.stiftungfuerzukunftsfragen.de\/wp-content\/uploads\/2022\/08\/Podcast-800x889.png 800w, https:\/\/www.stiftungfuerzukunftsfragen.de\/wp-content\/uploads\/2022\/08\/Podcast-1200x1334.png 1200w\" data-sizes=\"auto\" data-orig-sizes=\"(max-width: 640px) 100vw, 600px\" \/><\/span><\/div><div class=\"fusion-separator fusion-full-width-sep\" style=\"align-self: center;margin-left: auto;margin-right: auto;margin-top:50px;margin-bottom:50px;width:100%;\"><\/div><\/div><\/div><div class=\"fusion-layout-column fusion_builder_column fusion-builder-column-17 fusion_builder_column_3_5 3_5 fusion-flex-column\" style=\"--awb-bg-size:cover;--awb-width-large:60%;--awb-flex-grow:0;--awb-flex-shrink:0;--awb-margin-top-large:0px;--awb-spacing-right-large:3.2%;--awb-margin-bottom-large:30px;--awb-spacing-left-large:3.2%;--awb-width-medium:60%;--awb-order-medium:0;--awb-flex-grow-medium:;--awb-flex-shrink-medium:;--awb-spacing-right-medium:3.2%;--awb-spacing-left-medium:3.2%;--awb-width-small:100%;--awb-order-small:0;--awb-flex-grow-small:;--awb-flex-shrink-small:;--awb-spacing-right-small:1.92%;--awb-spacing-left-small:1.92%;\"><div class=\"fusion-column-wrapper fusion-column-has-shadow fusion-flex-justify-content-flex-start fusion-content-layout-column\"><div class=\"fusion-post-cards fusion-post-cards-5 fusion-grid-archive fusion-grid-columns-1 fusion-grid-flex-grow\" style=\"--awb-column-spacing:0px;--awb-columns:1;--awb-active-filter-border-size:3px;--awb-filters-height:36px;--awb-row-spacing:0px;\" data-post-type-label=\"posts\"><ul class=\"fusion-grid fusion-grid-1 fusion-flex-align-items-flex-start fusion-grid-posts-cards\"><li class=\"fusion-layout-column fusion_builder_column fusion-builder-column-18 fusion-flex-column post-card fusion-grid-column fusion-post-cards-grid-column\" style=\"--awb-padding-top:20px;--awb-padding-right:20px;--awb-padding-bottom:30px;--awb-padding-left:20px;--awb-overflow:hidden;--awb-bg-color:var(--awb-custom_color_3);--awb-bg-color-hover:var(--awb-custom_color_3);--awb-bg-blend:overlay;--awb-bg-size:cover;--awb-border-radius:0px 0px 20px 0px;--awb-filter:brightness(100%);--awb-filter-transition:filter 0.3s ease, -webkit-backdrop-filter 0.3s ease, backdrop-filter 0.3s ease;--awb-filter-hover:brightness(105%);--awb-flex-grow:0;--awb-flex-shrink:0;--awb-flex-grow-medium:;--awb-flex-shrink-medium:;--awb-flex-grow-small:;--awb-flex-shrink-small:;\" id=\"beitrag-inhalt-column\"><div class=\"fusion-column-wrapper fusion-column-has-shadow fusion-flex-justify-content-flex-start fusion-content-layout-column\"><div class=\"fusion-text fusion-text-25 fusion-text-no-margin\" style=\"--awb-content-alignment:left;--awb-font-size:12px;--awb-text-color:var(--awb-custom_color_2);--awb-margin-top:0px;--awb-margin-bottom:-10px;\"><p>6. August 2026<\/p>\n<\/div><div class=\"fusion-text fusion-text-26 fusion-text-no-margin\" style=\"--awb-font-size:12px;--awb-margin-top:5px;--awb-margin-bottom:10px;\"><p>Podcast, Staffel 5, Folge 6<\/p>\n<\/div><div class=\"fusion-title title fusion-title-14 fusion-sep-none fusion-title-text fusion-title-size-five\" style=\"--awb-text-color:var(--awb-color1);--awb-margin-bottom:10px;--awb-margin-top-small:10px;--awb-margin-right-small:0px;--awb-margin-bottom-small:10px;--awb-margin-left-small:0px;--awb-link-color:var(--awb-color6);--awb-font-size:20px;\"><h5 class=\"fusion-title-heading title-heading-left fusion-responsive-typography-calculated\" style=\"font-family:&quot;Montserrat&quot;;font-style:normal;font-weight:600;margin:0;font-size:1em;--fontSize:20;line-height:var(--awb-typography1-line-height);\"><a href=\"https:\/\/www.stiftungfuerzukunftsfragen.de\/en\/zukunft-der-bildung-2-2-von-basiskompetenzen-bis-zur-ki-ethik\/\" class=\"awb-custom-text-color awb-custom-text-hover-color\" target=\"_self\">Zukunft der Bildung (2\/2): Von Basiskompetenzen bis zur KI-Ethik<\/a><\/h5><\/div><div class=\"fusion-text fusion-text-27\"><p><script class=\"podigee-podcast-player\" src=\"https:\/\/player.podigee-cdn.net\/podcast-player\/javascripts\/podigee-podcast-player.js\" data-configuration=\"https:\/\/spaeter-war-alles-besser-der-zukunftspodcast.podigee.io\/118-zukunft-der-bildung-2-2-von-basiskompetenzen-bis-zur-ki-ethik\/embed?context=external\"><\/script><\/p>\n<\/div><\/div><\/li>\n<\/ul><\/div><div ><a class=\"fusion-button button-flat fusion-button-default-size button-default fusion-button-default button-6 fusion-button-default-span fusion-button-default-type\" style=\"--awb-margin-top:20px;--awb-margin-bottom:10px;\" target=\"_self\" href=\"https:\/\/stiftungfuerzukunftsfragen.de\/podcast\"><i class=\"fa-angle-right fas awb-button__icon awb-button__icon--default button-icon-left\" aria-hidden=\"true\"><\/i><span class=\"fusion-button-text awb-button__text awb-button__text--default\">zum Podcast<\/span><\/a><\/div><\/div><\/div><\/div><\/div><\/div><div class=\"fusion-fullwidth fullwidth-box fusion-builder-row-5 fusion-flex-container has-pattern-background has-mask-background nonhundred-percent-fullwidth non-hundred-percent-height-scrolling\" style=\"--awb-border-radius-top-left:0px;--awb-border-radius-top-right:0px;--awb-border-radius-bottom-right:0px;--awb-border-radius-bottom-left:0px;--awb-padding-top:38px;--awb-padding-bottom:68px;--awb-background-color:var(--awb-custom_color_4);--awb-flex-wrap:wrap;\" ><div class=\"fusion-builder-row fusion-row fusion-flex-align-items-flex-start fusion-flex-justify-content-center fusion-flex-content-wrap\" style=\"max-width:1664px;margin-left: calc(-4% \/ 2 );margin-right: calc(-4% \/ 2 );\"><div class=\"fusion-layout-column fusion_builder_column fusion-builder-column-19 fusion_builder_column_1_2 1_2 fusion-flex-column fusion-flex-align-self-center\" style=\"--awb-padding-bottom:1px;--awb-bg-blend:overlay;--awb-bg-size:cover;--awb-width-large:50%;--awb-flex-grow:0;--awb-flex-shrink:0;--awb-margin-top-large:0px;--awb-spacing-right-large:0%;--awb-margin-bottom-large:0px;--awb-spacing-left-large:0%;--awb-width-medium:50%;--awb-flex-grow-medium:;--awb-flex-shrink-medium:;--awb-spacing-right-medium:0%;--awb-spacing-left-medium:0%;--awb-width-small:100%;--awb-flex-grow-small:;--awb-flex-shrink-small:;--awb-spacing-right-small:1.92%;--awb-spacing-left-small:1.92%;\"><div class=\"fusion-column-wrapper fusion-flex-justify-content-flex-start fusion-content-layout-column\"><div class=\"fusion-video fusion-youtube\" style=\"--awb-max-width:600px;--awb-max-height:360px;\"><div class=\"video-shortcode\"><lite-youtube videoid=\"6fssXc3AecQ\" class=\"landscape\" params=\"wmode=transparent&autoplay=1&amp;enablejsapi=1\" title=\"YouTube video player 1\" data-button-label=\"Play Video\" width=\"600\" height=\"360\" data-thumbnail-size=\"auto\" data-no-cookie=\"on\"><\/lite-youtube><\/div><\/div><div class=\"fusion-title title fusion-title-15 fusion-sep-none fusion-title-text fusion-title-size-three\" style=\"--awb-text-color:var(--awb-color1);--awb-margin-top-small:10px;--awb-margin-right-small:0px;--awb-margin-bottom-small:10px;--awb-margin-left-small:0px;\"><h3 class=\"fusion-title-heading title-heading-left fusion-responsive-typography-calculated\" style=\"margin:0;--fontSize:30;line-height:var(--awb-typography1-line-height);\">Uli zu Gast im Podcast &#8218;Almost Daily&#8216;<\/h3><\/div><\/div><\/div><\/div><\/div><div class=\"fusion-fullwidth fullwidth-box fusion-builder-row-6 fusion-flex-container video-background has-pattern-background has-mask-background nonhundred-percent-fullwidth non-hundred-percent-height-scrolling fusion-no-small-visibility lazyload\" style=\"--awb-background-blend-mode:multiply;--awb-border-radius-top-left:0px;--awb-border-radius-top-right:0px;--awb-border-radius-bottom-right:0px;--awb-border-radius-bottom-left:0px;--awb-padding-top:100px;--awb-padding-bottom:95px;--awb-background-color:#4b79ff;--awb-background-image:linear-gradient(180deg, rgba(14,43,99,0.6) 0%,rgba(255,255,255,0) 100%);;--awb-flex-wrap:wrap;\" data-bg=\"https:\/\/www.stiftungfuerzukunftsfragen.de\/wp-content\/uploads\/nine-koepfer-zosE9lAYQlo-unsplash.jpg\" data-bg-gradient=\"linear-gradient(180deg, rgba(14,43,99,0.6) 0%,rgba(255,255,255,0) 100%)\" ><div class=\"fullwidth-video\"><video preload=\"auto\" autoplay playsinline loop muted><source src=\"https:\/\/www.stiftungfuerzukunftsfragen.de\/wp-content\/uploads\/220908_SFZ_Trailer_Startseite_3MB.mp4\" type=\"video\/mp4\"><\/video><\/div><div class=\"fullwidth-overlay\" style=\"background-image: linear-gradient(180deg, rgba(14,43,99,0.6) 0%,rgba(255,255,255,0) 100%);\"><\/div><div class=\"fusion-builder-row fusion-row fusion-flex-align-items-flex-start fusion-flex-justify-content-center fusion-flex-content-wrap\" style=\"max-width:1664px;margin-left: calc(-4% \/ 2 );margin-right: calc(-4% \/ 2 );\"><div class=\"fusion-layout-column fusion_builder_column fusion-builder-column-20 fusion_builder_column_1_1 1_1 fusion-flex-column\" style=\"--awb-bg-size:cover;--awb-width-large:100%;--awb-flex-grow:0;--awb-flex-shrink:0;--awb-margin-top-large:0px;--awb-spacing-right-large:1.92%;--awb-margin-bottom-large:30px;--awb-spacing-left-large:1.92%;--awb-width-medium:100%;--awb-order-medium:0;--awb-flex-grow-medium:;--awb-flex-shrink-medium:;--awb-spacing-right-medium:1.92%;--awb-spacing-left-medium:1.92%;--awb-width-small:100%;--awb-order-small:0;--awb-flex-grow-small:;--awb-flex-shrink-small:;--awb-spacing-right-small:1.92%;--awb-spacing-left-small:1.92%;\"><div class=\"fusion-column-wrapper fusion-column-has-shadow fusion-flex-justify-content-flex-start fusion-content-layout-column\"><div class=\"fusion-text fusion-text-28 max800\"><h2 class=\"fusion-responsive-typography-calculated\" style=\"color: var(--awb-color1); --fontsize: 35; line-height: 1.2;\" data-fontsize=\"35\" data-lineheight=\"42px\">Die Welt im Wandel \u2013<br \/>\nder Mensch im Mittelpunkt.<\/h2>\n<\/div><div class=\"fusion-text fusion-text-29 max500\" style=\"--awb-text-color:var(--awb-color1);\"><p>Mit unserer Forschung verfolgen wir das Ziel mit Optimismus zu einer positiven Entwicklung der Gesellschaft beizutragen.<\/p>\n<\/div><div ><a class=\"fusion-button button-flat fusion-button-default-size button-default fusion-button-default button-7 fusion-button-default-span fusion-button-default-type\" target=\"_self\" href=\"https:\/\/stiftungfuerzukunftsfragen.de\/stiftung\/\"><i class=\"fa-angle-right fas awb-button__icon awb-button__icon--default button-icon-left\" aria-hidden=\"true\"><\/i><span class=\"fusion-button-text awb-button__text awb-button__text--default\">\u00dcber die Stiftung<\/span><\/a><\/div><div class=\"fusion-separator fusion-full-width-sep\" style=\"align-self: center;margin-left: auto;margin-right: auto;margin-bottom:50px;width:100%;\"><\/div><\/div><\/div><\/div><\/div><div class=\"fusion-fullwidth fullwidth-box fusion-builder-row-7 fusion-flex-container has-pattern-background has-mask-background fusion-parallax-none nonhundred-percent-fullwidth non-hundred-percent-height-scrolling fusion-no-medium-visibility fusion-no-large-visibility lazyload\" style=\"--awb-background-blend-mode:luminosity;--awb-border-radius-top-left:0px;--awb-border-radius-top-right:0px;--awb-border-radius-bottom-right:0px;--awb-border-radius-bottom-left:0px;--awb-padding-top:100px;--awb-padding-bottom:95px;--awb-background-color:rgba(75,121,255,0.34);--awb-background-image:linear-gradient(180deg, rgba(14,43,99,0.6) 0%,rgba(255,255,255,0) 100%);;--awb-background-size:cover;--awb-flex-wrap:wrap;\" data-bg=\"https:\/\/www.stiftungfuerzukunftsfragen.de\/wp-content\/uploads\/nine-koepfer-zosE9lAYQlo-unsplash.jpg\" data-bg-gradient=\"linear-gradient(180deg, rgba(14,43,99,0.6) 0%,rgba(255,255,255,0) 100%)\" ><div class=\"fusion-builder-row fusion-row fusion-flex-align-items-flex-start fusion-flex-justify-content-center fusion-flex-content-wrap\" style=\"max-width:1664px;margin-left: calc(-4% \/ 2 );margin-right: calc(-4% \/ 2 );\"><div class=\"fusion-layout-column fusion_builder_column fusion-builder-column-21 fusion_builder_column_1_1 1_1 fusion-flex-column\" style=\"--awb-bg-size:cover;--awb-width-large:100%;--awb-flex-grow:0;--awb-flex-shrink:0;--awb-margin-top-large:0px;--awb-spacing-right-large:1.92%;--awb-margin-bottom-large:30px;--awb-spacing-left-large:1.92%;--awb-width-medium:100%;--awb-order-medium:0;--awb-flex-grow-medium:;--awb-flex-shrink-medium:;--awb-spacing-right-medium:1.92%;--awb-spacing-left-medium:1.92%;--awb-width-small:100%;--awb-order-small:0;--awb-flex-grow-small:;--awb-flex-shrink-small:;--awb-spacing-right-small:1.92%;--awb-spacing-left-small:1.92%;\"><div class=\"fusion-column-wrapper fusion-column-has-shadow fusion-flex-justify-content-flex-start fusion-content-layout-column\"><div class=\"fusion-text fusion-text-30 max800\"><h2 class=\"fusion-responsive-typography-calculated\" style=\"color: var(--awb-color1); --fontsize: 35; line-height: 1.2;\" data-fontsize=\"35\" data-lineheight=\"42px\">Die Welt im Wandel \u2013<br \/>\nder Mensch im Mittelpunkt.<\/h2>\n<\/div><div class=\"fusion-text fusion-text-31 max500\" style=\"--awb-text-color:var(--awb-color1);\"><p>Mit unserer Forschung verfolgen wir das Ziel mit Optimismus zu einer positiven Entwicklung der Gesellschaft beizutragen.<\/p>\n<\/div><div ><a class=\"fusion-button button-flat fusion-button-default-size button-default fusion-button-default button-8 fusion-button-default-span fusion-button-default-type\" target=\"_self\" href=\"https:\/\/stiftungfuerzukunftsfragen.de\/stiftung\/\"><i class=\"fa-angle-right fas awb-button__icon awb-button__icon--default button-icon-left\" aria-hidden=\"true\"><\/i><span class=\"fusion-button-text awb-button__text awb-button__text--default\">\u00dcber die Stiftung<\/span><\/a><\/div><div class=\"fusion-separator fusion-full-width-sep\" style=\"align-self: center;margin-left: auto;margin-right: auto;margin-bottom:50px;width:100%;\"><\/div><\/div><\/div><\/div><\/div><\/p>\n","protected":false},"excerpt":{"rendered":"","protected":false},"author":1,"featured_media":0,"parent":0,"menu_order":0,"comment_status":"closed","ping_status":"closed","template":"100-width.php","meta":{"_acf_changed":false,"footnotes":"","_et_pb_custom_css":""},"class_list":["post-14","page","type-page","status-publish","hentry"],"acf":[],"_et_pb_custom_css":"","yoast_head":"<!-- This site is optimized with the Yoast SEO plugin v28.3 - https:\/\/yoast.com\/product\/yoast-seo-wordpress\/ -->\n<title>Willkommen - Stiftung f\u00fcr Zukunftsfragen<\/title>\n<meta name=\"description\" content=\"Stiftung f\u00fcr Zukunftsfragen \u2013 eine Initiative von BAT: repr\u00e4sentative Forschung zu Freizeit, Tourismus und den Zukunftserwartungen der Deutschen.\" \/>\n<meta name=\"robots\" content=\"index, follow, max-snippet:-1, max-image-preview:large, max-video-preview:-1\" \/>\n<link rel=\"canonical\" href=\"https:\/\/www.stiftungfuerzukunftsfragen.de\/en\/\" \/>\n<meta property=\"og:locale\" content=\"en_GB\" \/>\n<meta property=\"og:type\" content=\"article\" \/>\n<meta property=\"og:title\" content=\"Willkommen - Stiftung f\u00fcr Zukunftsfragen\" \/>\n<meta property=\"og:description\" content=\"Stiftung f\u00fcr Zukunftsfragen \u2013 eine Initiative von BAT: repr\u00e4sentative Forschung zu Freizeit, Tourismus und den Zukunftserwartungen der Deutschen.\" \/>\n<meta property=\"og:url\" content=\"https:\/\/www.stiftungfuerzukunftsfragen.de\/en\/\" \/>\n<meta property=\"og:site_name\" content=\"Stiftung f\u00fcr Zukunftsfragen\" \/>\n<meta property=\"article:publisher\" content=\"https:\/\/www.facebook.com\/pages\/Stiftung-fr-Zukunftsfragen\/207485789294838\" \/>\n<meta property=\"article:modified_time\" content=\"2026-08-26T08:16:59+00:00\" \/>\n<meta name=\"twitter:card\" content=\"summary_large_image\" \/>\n<meta name=\"twitter:label1\" content=\"Estimated reading time\" \/>\n\t<meta name=\"twitter:data1\" content=\"6 minutes\" \/>\n<script type=\"application\/ld+json\" class=\"yoast-schema-graph\">{\"@context\":\"https:\\\/\\\/schema.org\",\"@graph\":[{\"@type\":\"WebPage\",\"@id\":\"https:\\\/\\\/www.stiftungfuerzukunftsfragen.de\\\/\",\"url\":\"https:\\\/\\\/www.stiftungfuerzukunftsfragen.de\\\/\",\"name\":\"Willkommen - Stiftung f\u00fcr Zukunftsfragen\",\"isPartOf\":{\"@id\":\"https:\\\/\\\/www.stiftungfuerzukunftsfragen.de\\\/#website\"},\"datePublished\":\"2022-07-27T11:12:45+00:00\",\"dateModified\":\"2026-08-26T08:16:59+00:00\",\"description\":\"Stiftung f\u00fcr Zukunftsfragen \u2013 eine Initiative von BAT: repr\u00e4sentative Forschung zu Freizeit, Tourismus und den Zukunftserwartungen der Deutschen.\",\"breadcrumb\":{\"@id\":\"https:\\\/\\\/www.stiftungfuerzukunftsfragen.de\\\/#breadcrumb\"},\"inLanguage\":\"en-GB\",\"potentialAction\":[{\"@type\":\"ReadAction\",\"target\":[\"https:\\\/\\\/www.stiftungfuerzukunftsfragen.de\\\/\"]}]},{\"@type\":\"BreadcrumbList\",\"@id\":\"https:\\\/\\\/www.stiftungfuerzukunftsfragen.de\\\/#breadcrumb\",\"itemListElement\":[{\"@type\":\"ListItem\",\"position\":1,\"name\":\"Startseite\",\"item\":\"https:\\\/\\\/www.stiftungfuerzukunftsfragen.de\\\/\"},{\"@type\":\"ListItem\",\"position\":2,\"name\":\"Willkommen\"}]},{\"@type\":\"WebSite\",\"@id\":\"https:\\\/\\\/www.stiftungfuerzukunftsfragen.de\\\/#website\",\"url\":\"https:\\\/\\\/www.stiftungfuerzukunftsfragen.de\\\/\",\"name\":\"Stiftung f\u00fcr Zukunftsfragen\",\"description\":\"Eine Initiative von BAT\",\"publisher\":{\"@id\":\"https:\\\/\\\/www.stiftungfuerzukunftsfragen.de\\\/#organization\"},\"potentialAction\":[{\"@type\":\"SearchAction\",\"target\":{\"@type\":\"EntryPoint\",\"urlTemplate\":\"https:\\\/\\\/www.stiftungfuerzukunftsfragen.de\\\/?s={search_term_string}\"},\"query-input\":{\"@type\":\"PropertyValueSpecification\",\"valueRequired\":true,\"valueName\":\"search_term_string\"}}],\"inLanguage\":\"en-GB\"},{\"@type\":\"Organization\",\"@id\":\"https:\\\/\\\/www.stiftungfuerzukunftsfragen.de\\\/#organization\",\"name\":\"Stiftung f\u00fcr Zukunftsfragen\",\"url\":\"https:\\\/\\\/www.stiftungfuerzukunftsfragen.de\\\/\",\"logo\":{\"@type\":\"ImageObject\",\"inLanguage\":\"en-GB\",\"@id\":\"https:\\\/\\\/www.stiftungfuerzukunftsfragen.de\\\/#\\\/schema\\\/logo\\\/image\\\/\",\"url\":\"https:\\\/\\\/www.stiftungfuerzukunftsfragen.de\\\/wp-content\\\/uploads\\\/Stiftung-fuer-Zukunftsfragen-Logo-e1662668075158.png\",\"contentUrl\":\"https:\\\/\\\/www.stiftungfuerzukunftsfragen.de\\\/wp-content\\\/uploads\\\/Stiftung-fuer-Zukunftsfragen-Logo-e1662668075158.png\",\"width\":609,\"height\":144,\"caption\":\"Stiftung f\u00fcr Zukunftsfragen\"},\"image\":{\"@id\":\"https:\\\/\\\/www.stiftungfuerzukunftsfragen.de\\\/#\\\/schema\\\/logo\\\/image\\\/\"},\"sameAs\":[\"https:\\\/\\\/www.facebook.com\\\/pages\\\/Stiftung-fr-Zukunftsfragen\\\/207485789294838\"]}]}<\/script>\n<!-- \/ Yoast SEO plugin. -->","yoast_head_json":{"title":"Welcome - Foundation for Future Studies","description":"Foundation for Future Issues \u2013 an initiative of BAT: representative research on leisure, tourism and the future expectations of Germans.","robots":{"index":"index","follow":"follow","max-snippet":"max-snippet:-1","max-image-preview":"max-image-preview:large","max-video-preview":"max-video-preview:-1"},"canonical":"https:\/\/www.stiftungfuerzukunftsfragen.de\/en\/","og_locale":"en_GB","og_type":"article","og_title":"Willkommen - Stiftung f\u00fcr Zukunftsfragen","og_description":"Stiftung f\u00fcr Zukunftsfragen \u2013 eine Initiative von BAT: repr\u00e4sentative Forschung zu Freizeit, Tourismus und den Zukunftserwartungen der Deutschen.","og_url":"https:\/\/www.stiftungfuerzukunftsfragen.de\/en\/","og_site_name":"Stiftung f\u00fcr Zukunftsfragen","article_publisher":"https:\/\/www.facebook.com\/pages\/Stiftung-fr-Zukunftsfragen\/207485789294838","article_modified_time":"2026-08-26T08:16:59+00:00","twitter_card":"summary_large_image","twitter_misc":{"Estimated reading time":"6 minutes"},"schema":{"@context":"https:\/\/schema.org","@graph":[{"@type":"WebPage","@id":"https:\/\/www.stiftungfuerzukunftsfragen.de\/","url":"https:\/\/www.stiftungfuerzukunftsfragen.de\/","name":"Welcome - Foundation for Future Studies","isPartOf":{"@id":"https:\/\/www.stiftungfuerzukunftsfragen.de\/#website"},"datePublished":"2022-07-27T11:12:45+00:00","dateModified":"2026-08-26T08:16:59+00:00","description":"Foundation for Future Issues \u2013 an initiative of BAT: representative research on leisure, tourism and the future expectations of Germans.","breadcrumb":{"@id":"https:\/\/www.stiftungfuerzukunftsfragen.de\/#breadcrumb"},"inLanguage":"en-GB","potentialAction":[{"@type":"ReadAction","target":["https:\/\/www.stiftungfuerzukunftsfragen.de\/"]}]},{"@type":"BreadcrumbList","@id":"https:\/\/www.stiftungfuerzukunftsfragen.de\/#breadcrumb","itemListElement":[{"@type":"ListItem","position":1,"name":"Startseite","item":"https:\/\/www.stiftungfuerzukunftsfragen.de\/"},{"@type":"ListItem","position":2,"name":"Willkommen"}]},{"@type":"WebSite","@id":"https:\/\/www.stiftungfuerzukunftsfragen.de\/#website","url":"https:\/\/www.stiftungfuerzukunftsfragen.de\/","name":"Foundation for Future Studies","description":"An initiative by BAT","publisher":{"@id":"https:\/\/www.stiftungfuerzukunftsfragen.de\/#organization"},"potentialAction":[{"@type":"SearchAction","target":{"@type":"EntryPoint","urlTemplate":"https:\/\/www.stiftungfuerzukunftsfragen.de\/?s={search_term_string}"},"query-input":{"@type":"PropertyValueSpecification","valueRequired":true,"valueName":"search_term_string"}}],"inLanguage":"en-GB"},{"@type":"Organization","@id":"https:\/\/www.stiftungfuerzukunftsfragen.de\/#organization","name":"Foundation for Future Studies","url":"https:\/\/www.stiftungfuerzukunftsfragen.de\/","logo":{"@type":"ImageObject","inLanguage":"en-GB","@id":"https:\/\/www.stiftungfuerzukunftsfragen.de\/#\/schema\/logo\/image\/","url":"https:\/\/www.stiftungfuerzukunftsfragen.de\/wp-content\/uploads\/Stiftung-fuer-Zukunftsfragen-Logo-e1662668075158.png","contentUrl":"https:\/\/www.stiftungfuerzukunftsfragen.de\/wp-content\/uploads\/Stiftung-fuer-Zukunftsfragen-Logo-e1662668075158.png","width":609,"height":144,"caption":"Stiftung f\u00fcr Zukunftsfragen"},"image":{"@id":"https:\/\/www.stiftungfuerzukunftsfragen.de\/#\/schema\/logo\/image\/"},"sameAs":["https:\/\/www.facebook.com\/pages\/Stiftung-fr-Zukunftsfragen\/207485789294838"]}]}},"_links":{"self":[{"href":"https:\/\/www.stiftungfuerzukunftsfragen.de\/en\/wp-json\/wp\/v2\/pages\/14","targetHints":{"allow":["GET"]}}],"collection":[{"href":"https:\/\/www.stiftungfuerzukunftsfragen.de\/en\/wp-json\/wp\/v2\/pages"}],"about":[{"href":"https:\/\/www.stiftungfuerzukunftsfragen.de\/en\/wp-json\/wp\/v2\/types\/page"}],"author":[{"embeddable":true,"href":"https:\/\/www.stiftungfuerzukunftsfragen.de\/en\/wp-json\/wp\/v2\/users\/1"}],"replies":[{"embeddable":true,"href":"https:\/\/www.stiftungfuerzukunftsfragen.de\/en\/wp-json\/wp\/v2\/comments?post=14"}],"version-history":[{"count":87,"href":"https:\/\/www.stiftungfuerzukunftsfragen.de\/en\/wp-json\/wp\/v2\/pages\/14\/revisions"}],"predecessor-version":[{"id":6798,"href":"https:\/\/www.stiftungfuerzukunftsfragen.de\/en\/wp-json\/wp\/v2\/pages\/14\/revisions\/6798"}],"wp:attachment":[{"href":"https:\/\/www.stiftungfuerzukunftsfragen.de\/en\/wp-json\/wp\/v2\/media?parent=14"}],"curies":[{"name":"wp","href":"https:\/\/api.w.org\/{rel}","templated":true}]}}